{"id":5593,"date":"2023-07-22T11:57:12","date_gmt":"2023-07-22T11:57:12","guid":{"rendered":"https:\/\/zagrebacki-solisti.com\/wp-content\/uploads\/2023\/05\/Kresimir-Strazanac-bariton-27-01-24.jpg"},"modified":"2023-07-22T11:57:12","modified_gmt":"2023-07-22T11:57:12","slug":"kresimir-strazanac-bariton-27-01-24-2","status":"inherit","type":"attachment","link":"https:\/\/zagrebacki-solisti.com\/en\/concerts\/kresimir-strazanac-baritone\/attachment\/kresimir-strazanac-bariton-27-01-24-2\/","title":{"rendered":"Kre\u0161imir Stra\u017eanac, bariton"},"author":4,"featured_media":0,"comment_status":"closed","ping_status":"closed","template":"","meta":[],"class_list":["post-5593","attachment","type-attachment","status-inherit","hentry"],"yoast_head":"<!-- This site is optimized with the Yoast SEO plugin v23.7 - https:\/\/yoast.com\/wordpress\/plugins\/seo\/ -->\n<title>Kre\u0161imir Stra\u017eanac, bariton - Zagreb soloist<\/title>\n<meta name=\"robots\" content=\"index, follow, max-snippet:-1, max-image-preview:large, max-video-preview:-1\" \/>\n<link rel=\"canonical\" href=\"https:\/\/zagrebacki-solisti.com\/en\/concerts\/kresimir-strazanac-baritone\/attachment\/kresimir-strazanac-bariton-27-01-24-2\/\" \/>\n<meta property=\"og:locale\" content=\"en_US\" \/>\n<meta property=\"og:type\" content=\"article\" \/>\n<meta property=\"og:title\" content=\"Kre\u0161imir Stra\u017eanac, bariton - Zagreb soloist\" \/>\n<meta property=\"og:description\" content=\"Kre\u0161imir Stra\u017eanac, bariton\" \/>\n<meta property=\"og:url\" content=\"https:\/\/zagrebacki-solisti.com\/en\/concerts\/kresimir-strazanac-baritone\/attachment\/kresimir-strazanac-bariton-27-01-24-2\/\" \/>\n<meta property=\"og:site_name\" content=\"Zagreb soloist\" \/>\n<meta property=\"article:publisher\" content=\"https:\/\/www.facebook.com\/Zgsolisti\/\" \/>\n<meta property=\"og:image\" content=\"https:\/\/zagrebacki-solisti.com\/wp-content\/uploads\/2023\/05\/Kresimir-Strazanac-bariton-27-01-24.jpg\" \/>\n\t<meta property=\"og:image:width\" content=\"1191\" \/>\n\t<meta property=\"og:image:height\" content=\"953\" \/>\n\t<meta property=\"og:image:type\" content=\"image\/jpeg\" \/>\n<meta name=\"twitter:card\" content=\"summary_large_image\" \/>\n<script type=\"application\/ld+json\" class=\"yoast-schema-graph\">{\"@context\":\"https:\/\/schema.org\",\"@graph\":[{\"@type\":\"WebPage\",\"@id\":\"https:\/\/zagrebacki-solisti.com\/en\/concerts\/kresimir-strazanac-baritone\/attachment\/kresimir-strazanac-bariton-27-01-24-2\/\",\"url\":\"https:\/\/zagrebacki-solisti.com\/en\/concerts\/kresimir-strazanac-baritone\/attachment\/kresimir-strazanac-bariton-27-01-24-2\/\",\"name\":\"Kre\u0161imir Stra\u017eanac, bariton - Zagreb soloist\",\"isPartOf\":{\"@id\":\"https:\/\/zagrebacki-solisti.com\/en\/#website\"},\"datePublished\":\"2023-07-22T11:57:12+00:00\",\"dateModified\":\"2023-07-22T11:57:12+00:00\",\"breadcrumb\":{\"@id\":\"https:\/\/zagrebacki-solisti.com\/en\/concerts\/kresimir-strazanac-baritone\/attachment\/kresimir-strazanac-bariton-27-01-24-2\/#breadcrumb\"},\"inLanguage\":\"en-US\",\"potentialAction\":[{\"@type\":\"ReadAction\",\"target\":[\"https:\/\/zagrebacki-solisti.com\/en\/concerts\/kresimir-strazanac-baritone\/attachment\/kresimir-strazanac-bariton-27-01-24-2\/\"]}]},{\"@type\":\"BreadcrumbList\",\"@id\":\"https:\/\/zagrebacki-solisti.com\/en\/concerts\/kresimir-strazanac-baritone\/attachment\/kresimir-strazanac-bariton-27-01-24-2\/#breadcrumb\",\"itemListElement\":[{\"@type\":\"ListItem\",\"position\":1,\"name\":\"Home\",\"item\":\"https:\/\/zagrebacki-solisti.com\/en\/zagreb-soloists\/\"},{\"@type\":\"ListItem\",\"position\":2,\"name\":\"Kre\u0161imir Stra\u017eanac, baritone\",\"item\":\"https:\/\/zagrebacki-solisti.com\/en\/concerts\/current-season\/kresimir-strazanac-baritone\/\"},{\"@type\":\"ListItem\",\"position\":3,\"name\":\"Kre\u0161imir Stra\u017eanac, bariton\"}]},{\"@type\":\"WebSite\",\"@id\":\"https:\/\/zagrebacki-solisti.com\/en\/#website\",\"url\":\"https:\/\/zagrebacki-solisti.com\/en\/\",\"name\":\"Zagreb soloist\",\"description\":\"Classical music ensemble\",\"publisher\":{\"@id\":\"https:\/\/zagrebacki-solisti.com\/en\/#organization\"},\"potentialAction\":[{\"@type\":\"SearchAction\",\"target\":{\"@type\":\"EntryPoint\",\"urlTemplate\":\"https:\/\/zagrebacki-solisti.com\/en\/?s={search_term_string}\"},\"query-input\":{\"@type\":\"PropertyValueSpecification\",\"valueRequired\":true,\"valueName\":\"search_term_string\"}}],\"inLanguage\":\"en-US\"},{\"@type\":\"Organization\",\"@id\":\"https:\/\/zagrebacki-solisti.com\/en\/#organization\",\"name\":\"Zagreb soloist\",\"url\":\"https:\/\/zagrebacki-solisti.com\/en\/\",\"logo\":{\"@type\":\"ImageObject\",\"inLanguage\":\"en-US\",\"@id\":\"https:\/\/zagrebacki-solisti.com\/en\/#\/schema\/logo\/image\/\",\"url\":\"https:\/\/zagrebacki-solisti.com\/wp-content\/uploads\/2023\/09\/ZG-Solisti-logo.png\",\"contentUrl\":\"https:\/\/zagrebacki-solisti.com\/wp-content\/uploads\/2023\/09\/ZG-Solisti-logo.png\",\"width\":180,\"height\":91,\"caption\":\"Zagreb soloist\"},\"image\":{\"@id\":\"https:\/\/zagrebacki-solisti.com\/en\/#\/schema\/logo\/image\/\"},\"sameAs\":[\"https:\/\/www.facebook.com\/Zgsolisti\/\",\"https:\/\/www.instagram.com\/zagrebsoloists\/\",\"https:\/\/www.youtube.com\/@zagrebsoloists\"]}]}<\/script>\n<!-- \/ Yoast SEO plugin. -->","yoast_head_json":{"title":"Kre\u0161imir Stra\u017eanac, bariton - Zagreb soloist","robots":{"index":"index","follow":"follow","max-snippet":"max-snippet:-1","max-image-preview":"max-image-preview:large","max-video-preview":"max-video-preview:-1"},"canonical":"https:\/\/zagrebacki-solisti.com\/en\/concerts\/kresimir-strazanac-baritone\/attachment\/kresimir-strazanac-bariton-27-01-24-2\/","og_locale":"en_US","og_type":"article","og_title":"Kre\u0161imir Stra\u017eanac, bariton - Zagreb soloist","og_description":"Kre\u0161imir Stra\u017eanac, bariton","og_url":"https:\/\/zagrebacki-solisti.com\/en\/concerts\/kresimir-strazanac-baritone\/attachment\/kresimir-strazanac-bariton-27-01-24-2\/","og_site_name":"Zagreb soloist","article_publisher":"https:\/\/www.facebook.com\/Zgsolisti\/","og_image":[{"width":1191,"height":953,"url":"https:\/\/zagrebacki-solisti.com\/wp-content\/uploads\/2023\/05\/Kresimir-Strazanac-bariton-27-01-24.jpg","type":"image\/jpeg"}],"twitter_card":"summary_large_image","schema":{"@context":"https:\/\/schema.org","@graph":[{"@type":"WebPage","@id":"https:\/\/zagrebacki-solisti.com\/en\/concerts\/kresimir-strazanac-baritone\/attachment\/kresimir-strazanac-bariton-27-01-24-2\/","url":"https:\/\/zagrebacki-solisti.com\/en\/concerts\/kresimir-strazanac-baritone\/attachment\/kresimir-strazanac-bariton-27-01-24-2\/","name":"Kre\u0161imir Stra\u017eanac, bariton - Zagreb soloist","isPartOf":{"@id":"https:\/\/zagrebacki-solisti.com\/en\/#website"},"datePublished":"2023-07-22T11:57:12+00:00","dateModified":"2023-07-22T11:57:12+00:00","breadcrumb":{"@id":"https:\/\/zagrebacki-solisti.com\/en\/concerts\/kresimir-strazanac-baritone\/attachment\/kresimir-strazanac-bariton-27-01-24-2\/#breadcrumb"},"inLanguage":"en-US","potentialAction":[{"@type":"ReadAction","target":["https:\/\/zagrebacki-solisti.com\/en\/concerts\/kresimir-strazanac-baritone\/attachment\/kresimir-strazanac-bariton-27-01-24-2\/"]}]},{"@type":"BreadcrumbList","@id":"https:\/\/zagrebacki-solisti.com\/en\/concerts\/kresimir-strazanac-baritone\/attachment\/kresimir-strazanac-bariton-27-01-24-2\/#breadcrumb","itemListElement":[{"@type":"ListItem","position":1,"name":"Home","item":"https:\/\/zagrebacki-solisti.com\/en\/zagreb-soloists\/"},{"@type":"ListItem","position":2,"name":"Kre\u0161imir Stra\u017eanac, baritone","item":"https:\/\/zagrebacki-solisti.com\/en\/concerts\/current-season\/kresimir-strazanac-baritone\/"},{"@type":"ListItem","position":3,"name":"Kre\u0161imir Stra\u017eanac, bariton"}]},{"@type":"WebSite","@id":"https:\/\/zagrebacki-solisti.com\/en\/#website","url":"https:\/\/zagrebacki-solisti.com\/en\/","name":"Zagreb soloist","description":"Classical music ensemble","publisher":{"@id":"https:\/\/zagrebacki-solisti.com\/en\/#organization"},"potentialAction":[{"@type":"SearchAction","target":{"@type":"EntryPoint","urlTemplate":"https:\/\/zagrebacki-solisti.com\/en\/?s={search_term_string}"},"query-input":{"@type":"PropertyValueSpecification","valueRequired":true,"valueName":"search_term_string"}}],"inLanguage":"en-US"},{"@type":"Organization","@id":"https:\/\/zagrebacki-solisti.com\/en\/#organization","name":"Zagreb soloist","url":"https:\/\/zagrebacki-solisti.com\/en\/","logo":{"@type":"ImageObject","inLanguage":"en-US","@id":"https:\/\/zagrebacki-solisti.com\/en\/#\/schema\/logo\/image\/","url":"https:\/\/zagrebacki-solisti.com\/wp-content\/uploads\/2023\/09\/ZG-Solisti-logo.png","contentUrl":"https:\/\/zagrebacki-solisti.com\/wp-content\/uploads\/2023\/09\/ZG-Solisti-logo.png","width":180,"height":91,"caption":"Zagreb soloist"},"image":{"@id":"https:\/\/zagrebacki-solisti.com\/en\/#\/schema\/logo\/image\/"},"sameAs":["https:\/\/www.facebook.com\/Zgsolisti\/","https:\/\/www.instagram.com\/zagrebsoloists\/","https:\/\/www.youtube.com\/@zagrebsoloists"]}]}},"description":{"rendered":"<p class=\"attachment\"><a href='https:\/\/zagrebacki-solisti.com\/wp-content\/uploads\/2023\/05\/Kresimir-Strazanac-bariton-27-01-24.jpg'><img fetchpriority=\"high\" decoding=\"async\" width=\"300\" height=\"240\" src=\"https:\/\/zagrebacki-solisti.com\/wp-content\/uploads\/2023\/05\/Kresimir-Strazanac-bariton-27-01-24-300x240.jpg\" class=\"attachment-medium size-medium\" alt=\"\" srcset=\"https:\/\/zagrebacki-solisti.com\/wp-content\/uploads\/2023\/05\/Kresimir-Strazanac-bariton-27-01-24-300x240.jpg 300w, https:\/\/zagrebacki-solisti.com\/wp-content\/uploads\/2023\/05\/Kresimir-Strazanac-bariton-27-01-24-600x480.jpg 600w, https:\/\/zagrebacki-solisti.com\/wp-content\/uploads\/2023\/05\/Kresimir-Strazanac-bariton-27-01-24-1024x819.jpg 1024w, https:\/\/zagrebacki-solisti.com\/wp-content\/uploads\/2023\/05\/Kresimir-Strazanac-bariton-27-01-24-768x615.jpg 768w, https:\/\/zagrebacki-solisti.com\/wp-content\/uploads\/2023\/05\/Kresimir-Strazanac-bariton-27-01-24-700x560.jpg 700w, https:\/\/zagrebacki-solisti.com\/wp-content\/uploads\/2023\/05\/Kresimir-Strazanac-bariton-27-01-24.jpg 1191w\" sizes=\"(max-width: 300px) 100vw, 300px\" \/><\/a><\/p>\n<p>Kre\u0161imir Stra\u017eanac, bariton<\/p>\n"},"caption":{"rendered":"<p>Kre\u0161imir Stra\u017eanac, bariton<\/p>\n"},"alt_text":"","media_type":"image","mime_type":"image\/jpeg","media_details":{"width":1191,"height":953,"file":"2023\/05\/Kresimir-Strazanac-bariton-27-01-24.jpg","filesize":59836,"sizes":{"woocommerce_thumbnail":{"file":"Kresimir-Strazanac-bariton-27-01-24-300x300.jpg","width":300,"height":300,"filesize":13241,"uncropped":false,"mime_type":"image\/jpeg","source_url":"https:\/\/zagrebacki-solisti.com\/wp-content\/uploads\/2023\/05\/Kresimir-Strazanac-bariton-27-01-24-300x300.jpg"},"woocommerce_gallery_thumbnail":{"file":"Kresimir-Strazanac-bariton-27-01-24-100x100.jpg","width":100,"height":100,"filesize":3043,"mime_type":"image\/jpeg","source_url":"https:\/\/zagrebacki-solisti.com\/wp-content\/uploads\/2023\/05\/Kresimir-Strazanac-bariton-27-01-24-100x100.jpg"},"woocommerce_single":{"file":"Kresimir-Strazanac-bariton-27-01-24-600x480.jpg","width":600,"height":480,"filesize":29260,"mime_type":"image\/jpeg","source_url":"https:\/\/zagrebacki-solisti.com\/wp-content\/uploads\/2023\/05\/Kresimir-Strazanac-bariton-27-01-24-600x480.jpg"},"medium":{"file":"Kresimir-Strazanac-bariton-27-01-24-300x240.jpg","width":300,"height":240,"filesize":10752,"mime_type":"image\/jpeg","source_url":"https:\/\/zagrebacki-solisti.com\/wp-content\/uploads\/2023\/05\/Kresimir-Strazanac-bariton-27-01-24-300x240.jpg"},"large":{"file":"Kresimir-Strazanac-bariton-27-01-24-1024x819.jpg","width":1024,"height":819,"filesize":65177,"mime_type":"image\/jpeg","source_url":"https:\/\/zagrebacki-solisti.com\/wp-content\/uploads\/2023\/05\/Kresimir-Strazanac-bariton-27-01-24-1024x819.jpg"},"thumbnail":{"file":"Kresimir-Strazanac-bariton-27-01-24-150x150.jpg","width":150,"height":150,"filesize":5095,"mime_type":"image\/jpeg","source_url":"https:\/\/zagrebacki-solisti.com\/wp-content\/uploads\/2023\/05\/Kresimir-Strazanac-bariton-27-01-24-150x150.jpg"},"medium_large":{"file":"Kresimir-Strazanac-bariton-27-01-24-768x615.jpg","width":768,"height":615,"filesize":42594,"mime_type":"image\/jpeg","source_url":"https:\/\/zagrebacki-solisti.com\/wp-content\/uploads\/2023\/05\/Kresimir-Strazanac-bariton-27-01-24-768x615.jpg"},"portfolio-square":{"file":"Kresimir-Strazanac-bariton-27-01-24-570x570.jpg","width":570,"height":570,"filesize":33895,"mime_type":"image\/jpeg","source_url":"https:\/\/zagrebacki-solisti.com\/wp-content\/uploads\/2023\/05\/Kresimir-Strazanac-bariton-27-01-24-570x570.jpg"},"portfolio-portrait":{"file":"Kresimir-Strazanac-bariton-27-01-24-600x800.jpg","width":600,"height":800,"filesize":45935,"mime_type":"image\/jpeg","source_url":"https:\/\/zagrebacki-solisti.com\/wp-content\/uploads\/2023\/05\/Kresimir-Strazanac-bariton-27-01-24-600x800.jpg"},"portfolio-landscape":{"file":"Kresimir-Strazanac-bariton-27-01-24-800x600.jpg","width":800,"height":600,"filesize":42609,"mime_type":"image\/jpeg","source_url":"https:\/\/zagrebacki-solisti.com\/wp-content\/uploads\/2023\/05\/Kresimir-Strazanac-bariton-27-01-24-800x600.jpg"},"menu-featured-post":{"file":"Kresimir-Strazanac-bariton-27-01-24-345x198.jpg","width":345,"height":198,"filesize":9846,"mime_type":"image\/jpeg","source_url":"https:\/\/zagrebacki-solisti.com\/wp-content\/uploads\/2023\/05\/Kresimir-Strazanac-bariton-27-01-24-345x198.jpg"},"qode-carousel_slider":{"file":"Kresimir-Strazanac-bariton-27-01-24-400x260.jpg","width":400,"height":260,"filesize":13553,"mime_type":"image\/jpeg","source_url":"https:\/\/zagrebacki-solisti.com\/wp-content\/uploads\/2023\/05\/Kresimir-Strazanac-bariton-27-01-24-400x260.jpg"},"portfolio_slider":{"file":"Kresimir-Strazanac-bariton-27-01-24-500x380.jpg","width":500,"height":380,"filesize":21578,"mime_type":"image\/jpeg","source_url":"https:\/\/zagrebacki-solisti.com\/wp-content\/uploads\/2023\/05\/Kresimir-Strazanac-bariton-27-01-24-500x380.jpg"},"portfolio_masonry_regular":{"file":"Kresimir-Strazanac-bariton-27-01-24-500x500.jpg","width":500,"height":500,"filesize":27982,"mime_type":"image\/jpeg","source_url":"https:\/\/zagrebacki-solisti.com\/wp-content\/uploads\/2023\/05\/Kresimir-Strazanac-bariton-27-01-24-500x500.jpg"},"portfolio_masonry_wide":{"file":"Kresimir-Strazanac-bariton-27-01-24-1000x500.jpg","width":1000,"height":500,"filesize":41883,"mime_type":"image\/jpeg","source_url":"https:\/\/zagrebacki-solisti.com\/wp-content\/uploads\/2023\/05\/Kresimir-Strazanac-bariton-27-01-24-1000x500.jpg"},"portfolio_masonry_tall":{"file":"Kresimir-Strazanac-bariton-27-01-24-500x953.jpg","width":500,"height":953,"filesize":44696,"mime_type":"image\/jpeg","source_url":"https:\/\/zagrebacki-solisti.com\/wp-content\/uploads\/2023\/05\/Kresimir-Strazanac-bariton-27-01-24-500x953.jpg"},"portfolio_masonry_large":{"file":"Kresimir-Strazanac-bariton-27-01-24-1000x953.jpg","width":1000,"height":953,"filesize":70146,"mime_type":"image\/jpeg","source_url":"https:\/\/zagrebacki-solisti.com\/wp-content\/uploads\/2023\/05\/Kresimir-Strazanac-bariton-27-01-24-1000x953.jpg"},"portfolio_masonry_with_space":{"file":"Kresimir-Strazanac-bariton-27-01-24-700x560.jpg","width":700,"height":560,"filesize":37066,"mime_type":"image\/jpeg","source_url":"https:\/\/zagrebacki-solisti.com\/wp-content\/uploads\/2023\/05\/Kresimir-Strazanac-bariton-27-01-24-700x560.jpg"},"latest_post_boxes":{"file":"Kresimir-Strazanac-bariton-27-01-24-539x303.jpg","width":539,"height":303,"filesize":18290,"mime_type":"image\/jpeg","source_url":"https:\/\/zagrebacki-solisti.com\/wp-content\/uploads\/2023\/05\/Kresimir-Strazanac-bariton-27-01-24-539x303.jpg"},"qi_addons_for_elementor_image_size_square":{"file":"Kresimir-Strazanac-bariton-27-01-24-650x650.jpg","width":650,"height":650,"filesize":41302,"mime_type":"image\/jpeg","source_url":"https:\/\/zagrebacki-solisti.com\/wp-content\/uploads\/2023\/05\/Kresimir-Strazanac-bariton-27-01-24-650x650.jpg"},"qi_addons_for_elementor_image_size_landscape":{"file":"Kresimir-Strazanac-bariton-27-01-24-1191x650.jpg","width":1191,"height":650,"filesize":55305,"mime_type":"image\/jpeg","source_url":"https:\/\/zagrebacki-solisti.com\/wp-content\/uploads\/2023\/05\/Kresimir-Strazanac-bariton-27-01-24-1191x650.jpg"},"qi_addons_for_elementor_image_size_portrait":{"file":"Kresimir-Strazanac-bariton-27-01-24-650x953.jpg","width":650,"height":953,"filesize":56071,"mime_type":"image\/jpeg","source_url":"https:\/\/zagrebacki-solisti.com\/wp-content\/uploads\/2023\/05\/Kresimir-Strazanac-bariton-27-01-24-650x953.jpg"},"qi_blocks_image_size_square":{"file":"Kresimir-Strazanac-bariton-27-01-24-650x650.jpg","width":650,"height":650,"filesize":41302,"mime_type":"image\/jpeg","source_url":"https:\/\/zagrebacki-solisti.com\/wp-content\/uploads\/2023\/05\/Kresimir-Strazanac-bariton-27-01-24-650x650.jpg"},"qi_blocks_image_size_landscape":{"file":"Kresimir-Strazanac-bariton-27-01-24-1191x650.jpg","width":1191,"height":650,"filesize":55305,"mime_type":"image\/jpeg","source_url":"https:\/\/zagrebacki-solisti.com\/wp-content\/uploads\/2023\/05\/Kresimir-Strazanac-bariton-27-01-24-1191x650.jpg"},"qi_blocks_image_size_portrait":{"file":"Kresimir-Strazanac-bariton-27-01-24-650x953.jpg","width":650,"height":953,"filesize":56071,"mime_type":"image\/jpeg","source_url":"https:\/\/zagrebacki-solisti.com\/wp-content\/uploads\/2023\/05\/Kresimir-Strazanac-bariton-27-01-24-650x953.jpg"},"full":{"file":"Kresimir-Strazanac-bariton-27-01-24.jpg","width":1191,"height":953,"mime_type":"image\/jpeg","source_url":"https:\/\/zagrebacki-solisti.com\/wp-content\/uploads\/2023\/05\/Kresimir-Strazanac-bariton-27-01-24.jpg"}},"image_meta":{"aperture":"0","credit":"","camera":"","caption":"","created_timestamp":"0","copyright":"","focal_length":"0","iso":"0","shutter_speed":"0","title":"","orientation":"0","keywords":[]}},"post":5591,"source_url":"https:\/\/zagrebacki-solisti.com\/wp-content\/uploads\/2023\/05\/Kresimir-Strazanac-bariton-27-01-24.jpg","_links":{"self":[{"href":"https:\/\/zagrebacki-solisti.com\/en\/wp-json\/wp\/v2\/media\/5593","targetHints":{"allow":["GET"]}}],"collection":[{"href":"https:\/\/zagrebacki-solisti.com\/en\/wp-json\/wp\/v2\/media"}],"about":[{"href":"https:\/\/zagrebacki-solisti.com\/en\/wp-json\/wp\/v2\/types\/attachment"}],"author":[{"embeddable":true,"href":"https:\/\/zagrebacki-solisti.com\/en\/wp-json\/wp\/v2\/users\/4"}],"replies":[{"embeddable":true,"href":"https:\/\/zagrebacki-solisti.com\/en\/wp-json\/wp\/v2\/comments?post=5593"}]}}