{"id":6053,"date":"2023-07-26T12:58:22","date_gmt":"2023-07-26T12:58:22","guid":{"rendered":"https:\/\/zagrebacki-solisti.com\/wp-content\/uploads\/2020\/01\/Predsjedanje-Vijecem-EU-obiljezili-smo-koncertom-u-Berlinu.jpg"},"modified":"2023-07-26T12:58:22","modified_gmt":"2023-07-26T12:58:22","slug":"predsjedanje-vijecem-eu-obiljezili-smo-koncertom-u-berlinu-3","status":"inherit","type":"attachment","link":"https:\/\/zagrebacki-solisti.com\/en\/news\/we-marked-the-presidency-of-the-eu-council-with-a-concert-in-berlin\/attachment\/predsjedanje-vijecem-eu-obiljezili-smo-koncertom-u-berlinu-3\/","title":{"rendered":"Predsjedanje Vije\u0107em EU obilje\u017eili smo koncertom u Berlinu"},"author":4,"featured_media":0,"comment_status":"closed","ping_status":"closed","template":"","meta":[],"class_list":["post-6053","attachment","type-attachment","status-inherit","hentry"],"yoast_head":"<!-- This site is optimized with the Yoast SEO plugin v23.7 - https:\/\/yoast.com\/wordpress\/plugins\/seo\/ -->\n<title>Predsjedanje Vije\u0107em EU obilje\u017eili smo koncertom u Berlinu - Zagreb soloist<\/title>\n<meta name=\"robots\" content=\"index, follow, max-snippet:-1, max-image-preview:large, max-video-preview:-1\" \/>\n<link rel=\"canonical\" href=\"https:\/\/zagrebacki-solisti.com\/en\/news\/we-marked-the-presidency-of-the-eu-council-with-a-concert-in-berlin\/attachment\/predsjedanje-vijecem-eu-obiljezili-smo-koncertom-u-berlinu-3\/\" \/>\n<meta property=\"og:locale\" content=\"en_US\" \/>\n<meta property=\"og:type\" content=\"article\" \/>\n<meta property=\"og:title\" content=\"Predsjedanje Vije\u0107em EU obilje\u017eili smo koncertom u Berlinu - Zagreb soloist\" \/>\n<meta property=\"og:description\" content=\"Predsjedanje Vije\u0107em EU obilje\u017eili smo koncertom u Berlinu\" \/>\n<meta property=\"og:url\" content=\"https:\/\/zagrebacki-solisti.com\/en\/news\/we-marked-the-presidency-of-the-eu-council-with-a-concert-in-berlin\/attachment\/predsjedanje-vijecem-eu-obiljezili-smo-koncertom-u-berlinu-3\/\" \/>\n<meta property=\"og:site_name\" content=\"Zagreb soloist\" \/>\n<meta property=\"article:publisher\" content=\"https:\/\/www.facebook.com\/Zgsolisti\/\" \/>\n<meta property=\"og:image\" content=\"https:\/\/zagrebacki-solisti.com\/wp-content\/uploads\/2020\/01\/Predsjedanje-Vijecem-EU-obiljezili-smo-koncertom-u-Berlinu.jpg\" \/>\n\t<meta property=\"og:image:width\" content=\"1093\" \/>\n\t<meta property=\"og:image:height\" content=\"874\" \/>\n\t<meta property=\"og:image:type\" content=\"image\/jpeg\" \/>\n<meta name=\"twitter:card\" content=\"summary_large_image\" \/>\n<script type=\"application\/ld+json\" class=\"yoast-schema-graph\">{\"@context\":\"https:\/\/schema.org\",\"@graph\":[{\"@type\":\"WebPage\",\"@id\":\"https:\/\/zagrebacki-solisti.com\/en\/news\/we-marked-the-presidency-of-the-eu-council-with-a-concert-in-berlin\/attachment\/predsjedanje-vijecem-eu-obiljezili-smo-koncertom-u-berlinu-3\/\",\"url\":\"https:\/\/zagrebacki-solisti.com\/en\/news\/we-marked-the-presidency-of-the-eu-council-with-a-concert-in-berlin\/attachment\/predsjedanje-vijecem-eu-obiljezili-smo-koncertom-u-berlinu-3\/\",\"name\":\"Predsjedanje Vije\u0107em EU obilje\u017eili smo koncertom u Berlinu - Zagreb soloist\",\"isPartOf\":{\"@id\":\"https:\/\/zagrebacki-solisti.com\/en\/#website\"},\"datePublished\":\"2023-07-26T12:58:22+00:00\",\"dateModified\":\"2023-07-26T12:58:22+00:00\",\"breadcrumb\":{\"@id\":\"https:\/\/zagrebacki-solisti.com\/en\/news\/we-marked-the-presidency-of-the-eu-council-with-a-concert-in-berlin\/attachment\/predsjedanje-vijecem-eu-obiljezili-smo-koncertom-u-berlinu-3\/#breadcrumb\"},\"inLanguage\":\"en-US\",\"potentialAction\":[{\"@type\":\"ReadAction\",\"target\":[\"https:\/\/zagrebacki-solisti.com\/en\/news\/we-marked-the-presidency-of-the-eu-council-with-a-concert-in-berlin\/attachment\/predsjedanje-vijecem-eu-obiljezili-smo-koncertom-u-berlinu-3\/\"]}]},{\"@type\":\"BreadcrumbList\",\"@id\":\"https:\/\/zagrebacki-solisti.com\/en\/news\/we-marked-the-presidency-of-the-eu-council-with-a-concert-in-berlin\/attachment\/predsjedanje-vijecem-eu-obiljezili-smo-koncertom-u-berlinu-3\/#breadcrumb\",\"itemListElement\":[{\"@type\":\"ListItem\",\"position\":1,\"name\":\"Home\",\"item\":\"https:\/\/zagrebacki-solisti.com\/en\/zagreb-soloists\/\"},{\"@type\":\"ListItem\",\"position\":2,\"name\":\"We marked the presidency of the EU Council with a concert in Berlin\",\"item\":\"https:\/\/zagrebacki-solisti.com\/en\/news\/we-marked-the-presidency-of-the-eu-council-with-a-concert-in-berlin\/\"},{\"@type\":\"ListItem\",\"position\":3,\"name\":\"Predsjedanje Vije\u0107em EU obilje\u017eili smo koncertom u Berlinu\"}]},{\"@type\":\"WebSite\",\"@id\":\"https:\/\/zagrebacki-solisti.com\/en\/#website\",\"url\":\"https:\/\/zagrebacki-solisti.com\/en\/\",\"name\":\"Zagreb soloist\",\"description\":\"Classical music ensemble\",\"publisher\":{\"@id\":\"https:\/\/zagrebacki-solisti.com\/en\/#organization\"},\"potentialAction\":[{\"@type\":\"SearchAction\",\"target\":{\"@type\":\"EntryPoint\",\"urlTemplate\":\"https:\/\/zagrebacki-solisti.com\/en\/?s={search_term_string}\"},\"query-input\":{\"@type\":\"PropertyValueSpecification\",\"valueRequired\":true,\"valueName\":\"search_term_string\"}}],\"inLanguage\":\"en-US\"},{\"@type\":\"Organization\",\"@id\":\"https:\/\/zagrebacki-solisti.com\/en\/#organization\",\"name\":\"Zagreb soloist\",\"url\":\"https:\/\/zagrebacki-solisti.com\/en\/\",\"logo\":{\"@type\":\"ImageObject\",\"inLanguage\":\"en-US\",\"@id\":\"https:\/\/zagrebacki-solisti.com\/en\/#\/schema\/logo\/image\/\",\"url\":\"https:\/\/zagrebacki-solisti.com\/wp-content\/uploads\/2023\/09\/ZG-Solisti-logo.png\",\"contentUrl\":\"https:\/\/zagrebacki-solisti.com\/wp-content\/uploads\/2023\/09\/ZG-Solisti-logo.png\",\"width\":180,\"height\":91,\"caption\":\"Zagreb soloist\"},\"image\":{\"@id\":\"https:\/\/zagrebacki-solisti.com\/en\/#\/schema\/logo\/image\/\"},\"sameAs\":[\"https:\/\/www.facebook.com\/Zgsolisti\/\",\"https:\/\/www.instagram.com\/zagrebsoloists\/\",\"https:\/\/www.youtube.com\/@zagrebsoloists\"]}]}<\/script>\n<!-- \/ Yoast SEO plugin. -->","yoast_head_json":{"title":"Predsjedanje Vije\u0107em EU obilje\u017eili smo koncertom u Berlinu - Zagreb soloist","robots":{"index":"index","follow":"follow","max-snippet":"max-snippet:-1","max-image-preview":"max-image-preview:large","max-video-preview":"max-video-preview:-1"},"canonical":"https:\/\/zagrebacki-solisti.com\/en\/news\/we-marked-the-presidency-of-the-eu-council-with-a-concert-in-berlin\/attachment\/predsjedanje-vijecem-eu-obiljezili-smo-koncertom-u-berlinu-3\/","og_locale":"en_US","og_type":"article","og_title":"Predsjedanje Vije\u0107em EU obilje\u017eili smo koncertom u Berlinu - Zagreb soloist","og_description":"Predsjedanje Vije\u0107em EU obilje\u017eili smo koncertom u Berlinu","og_url":"https:\/\/zagrebacki-solisti.com\/en\/news\/we-marked-the-presidency-of-the-eu-council-with-a-concert-in-berlin\/attachment\/predsjedanje-vijecem-eu-obiljezili-smo-koncertom-u-berlinu-3\/","og_site_name":"Zagreb soloist","article_publisher":"https:\/\/www.facebook.com\/Zgsolisti\/","og_image":[{"width":1093,"height":874,"url":"https:\/\/zagrebacki-solisti.com\/wp-content\/uploads\/2020\/01\/Predsjedanje-Vijecem-EU-obiljezili-smo-koncertom-u-Berlinu.jpg","type":"image\/jpeg"}],"twitter_card":"summary_large_image","schema":{"@context":"https:\/\/schema.org","@graph":[{"@type":"WebPage","@id":"https:\/\/zagrebacki-solisti.com\/en\/news\/we-marked-the-presidency-of-the-eu-council-with-a-concert-in-berlin\/attachment\/predsjedanje-vijecem-eu-obiljezili-smo-koncertom-u-berlinu-3\/","url":"https:\/\/zagrebacki-solisti.com\/en\/news\/we-marked-the-presidency-of-the-eu-council-with-a-concert-in-berlin\/attachment\/predsjedanje-vijecem-eu-obiljezili-smo-koncertom-u-berlinu-3\/","name":"Predsjedanje Vije\u0107em EU obilje\u017eili smo koncertom u Berlinu - Zagreb soloist","isPartOf":{"@id":"https:\/\/zagrebacki-solisti.com\/en\/#website"},"datePublished":"2023-07-26T12:58:22+00:00","dateModified":"2023-07-26T12:58:22+00:00","breadcrumb":{"@id":"https:\/\/zagrebacki-solisti.com\/en\/news\/we-marked-the-presidency-of-the-eu-council-with-a-concert-in-berlin\/attachment\/predsjedanje-vijecem-eu-obiljezili-smo-koncertom-u-berlinu-3\/#breadcrumb"},"inLanguage":"en-US","potentialAction":[{"@type":"ReadAction","target":["https:\/\/zagrebacki-solisti.com\/en\/news\/we-marked-the-presidency-of-the-eu-council-with-a-concert-in-berlin\/attachment\/predsjedanje-vijecem-eu-obiljezili-smo-koncertom-u-berlinu-3\/"]}]},{"@type":"BreadcrumbList","@id":"https:\/\/zagrebacki-solisti.com\/en\/news\/we-marked-the-presidency-of-the-eu-council-with-a-concert-in-berlin\/attachment\/predsjedanje-vijecem-eu-obiljezili-smo-koncertom-u-berlinu-3\/#breadcrumb","itemListElement":[{"@type":"ListItem","position":1,"name":"Home","item":"https:\/\/zagrebacki-solisti.com\/en\/zagreb-soloists\/"},{"@type":"ListItem","position":2,"name":"We marked the presidency of the EU Council with a concert in Berlin","item":"https:\/\/zagrebacki-solisti.com\/en\/news\/we-marked-the-presidency-of-the-eu-council-with-a-concert-in-berlin\/"},{"@type":"ListItem","position":3,"name":"Predsjedanje Vije\u0107em EU obilje\u017eili smo koncertom u Berlinu"}]},{"@type":"WebSite","@id":"https:\/\/zagrebacki-solisti.com\/en\/#website","url":"https:\/\/zagrebacki-solisti.com\/en\/","name":"Zagreb soloist","description":"Classical music ensemble","publisher":{"@id":"https:\/\/zagrebacki-solisti.com\/en\/#organization"},"potentialAction":[{"@type":"SearchAction","target":{"@type":"EntryPoint","urlTemplate":"https:\/\/zagrebacki-solisti.com\/en\/?s={search_term_string}"},"query-input":{"@type":"PropertyValueSpecification","valueRequired":true,"valueName":"search_term_string"}}],"inLanguage":"en-US"},{"@type":"Organization","@id":"https:\/\/zagrebacki-solisti.com\/en\/#organization","name":"Zagreb soloist","url":"https:\/\/zagrebacki-solisti.com\/en\/","logo":{"@type":"ImageObject","inLanguage":"en-US","@id":"https:\/\/zagrebacki-solisti.com\/en\/#\/schema\/logo\/image\/","url":"https:\/\/zagrebacki-solisti.com\/wp-content\/uploads\/2023\/09\/ZG-Solisti-logo.png","contentUrl":"https:\/\/zagrebacki-solisti.com\/wp-content\/uploads\/2023\/09\/ZG-Solisti-logo.png","width":180,"height":91,"caption":"Zagreb soloist"},"image":{"@id":"https:\/\/zagrebacki-solisti.com\/en\/#\/schema\/logo\/image\/"},"sameAs":["https:\/\/www.facebook.com\/Zgsolisti\/","https:\/\/www.instagram.com\/zagrebsoloists\/","https:\/\/www.youtube.com\/@zagrebsoloists"]}]}},"description":{"rendered":"<p class=\"attachment\"><a href='https:\/\/zagrebacki-solisti.com\/wp-content\/uploads\/2020\/01\/Predsjedanje-Vijecem-EU-obiljezili-smo-koncertom-u-Berlinu.jpg'><img fetchpriority=\"high\" decoding=\"async\" width=\"300\" height=\"240\" src=\"https:\/\/zagrebacki-solisti.com\/wp-content\/uploads\/2020\/01\/Predsjedanje-Vijecem-EU-obiljezili-smo-koncertom-u-Berlinu-300x240.jpg\" class=\"attachment-medium size-medium\" alt=\"\" srcset=\"https:\/\/zagrebacki-solisti.com\/wp-content\/uploads\/2020\/01\/Predsjedanje-Vijecem-EU-obiljezili-smo-koncertom-u-Berlinu-300x240.jpg 300w, https:\/\/zagrebacki-solisti.com\/wp-content\/uploads\/2020\/01\/Predsjedanje-Vijecem-EU-obiljezili-smo-koncertom-u-Berlinu-600x480.jpg 600w, https:\/\/zagrebacki-solisti.com\/wp-content\/uploads\/2020\/01\/Predsjedanje-Vijecem-EU-obiljezili-smo-koncertom-u-Berlinu-1024x819.jpg 1024w, https:\/\/zagrebacki-solisti.com\/wp-content\/uploads\/2020\/01\/Predsjedanje-Vijecem-EU-obiljezili-smo-koncertom-u-Berlinu-768x614.jpg 768w, https:\/\/zagrebacki-solisti.com\/wp-content\/uploads\/2020\/01\/Predsjedanje-Vijecem-EU-obiljezili-smo-koncertom-u-Berlinu-700x560.jpg 700w, https:\/\/zagrebacki-solisti.com\/wp-content\/uploads\/2020\/01\/Predsjedanje-Vijecem-EU-obiljezili-smo-koncertom-u-Berlinu.jpg 1093w\" sizes=\"(max-width: 300px) 100vw, 300px\" \/><\/a><\/p>\n<p>Predsjedanje Vije\u0107em EU obilje\u017eili smo koncertom u Berlinu<\/p>\n"},"caption":{"rendered":"<p>Predsjedanje Vije\u0107em EU obilje\u017eili smo koncertom u Berlinu<\/p>\n"},"alt_text":"","media_type":"image","mime_type":"image\/jpeg","media_details":{"width":1093,"height":874,"file":"2020\/01\/Predsjedanje-Vijecem-EU-obiljezili-smo-koncertom-u-Berlinu.jpg","filesize":134525,"sizes":{"woocommerce_thumbnail":{"file":"Predsjedanje-Vijecem-EU-obiljezili-smo-koncertom-u-Berlinu-300x300.jpg","width":300,"height":300,"filesize":26732,"uncropped":false,"mime_type":"image\/jpeg","source_url":"https:\/\/zagrebacki-solisti.com\/wp-content\/uploads\/2020\/01\/Predsjedanje-Vijecem-EU-obiljezili-smo-koncertom-u-Berlinu-300x300.jpg"},"woocommerce_gallery_thumbnail":{"file":"Predsjedanje-Vijecem-EU-obiljezili-smo-koncertom-u-Berlinu-100x100.jpg","width":100,"height":100,"filesize":4441,"mime_type":"image\/jpeg","source_url":"https:\/\/zagrebacki-solisti.com\/wp-content\/uploads\/2020\/01\/Predsjedanje-Vijecem-EU-obiljezili-smo-koncertom-u-Berlinu-100x100.jpg"},"woocommerce_single":{"file":"Predsjedanje-Vijecem-EU-obiljezili-smo-koncertom-u-Berlinu-600x480.jpg","width":600,"height":480,"filesize":68824,"mime_type":"image\/jpeg","source_url":"https:\/\/zagrebacki-solisti.com\/wp-content\/uploads\/2020\/01\/Predsjedanje-Vijecem-EU-obiljezili-smo-koncertom-u-Berlinu-600x480.jpg"},"medium":{"file":"Predsjedanje-Vijecem-EU-obiljezili-smo-koncertom-u-Berlinu-300x240.jpg","width":300,"height":240,"filesize":22949,"mime_type":"image\/jpeg","source_url":"https:\/\/zagrebacki-solisti.com\/wp-content\/uploads\/2020\/01\/Predsjedanje-Vijecem-EU-obiljezili-smo-koncertom-u-Berlinu-300x240.jpg"},"large":{"file":"Predsjedanje-Vijecem-EU-obiljezili-smo-koncertom-u-Berlinu-1024x819.jpg","width":1024,"height":819,"filesize":155194,"mime_type":"image\/jpeg","source_url":"https:\/\/zagrebacki-solisti.com\/wp-content\/uploads\/2020\/01\/Predsjedanje-Vijecem-EU-obiljezili-smo-koncertom-u-Berlinu-1024x819.jpg"},"thumbnail":{"file":"Predsjedanje-Vijecem-EU-obiljezili-smo-koncertom-u-Berlinu-150x150.jpg","width":150,"height":150,"filesize":8576,"mime_type":"image\/jpeg","source_url":"https:\/\/zagrebacki-solisti.com\/wp-content\/uploads\/2020\/01\/Predsjedanje-Vijecem-EU-obiljezili-smo-koncertom-u-Berlinu-150x150.jpg"},"medium_large":{"file":"Predsjedanje-Vijecem-EU-obiljezili-smo-koncertom-u-Berlinu-768x614.jpg","width":768,"height":614,"filesize":100654,"mime_type":"image\/jpeg","source_url":"https:\/\/zagrebacki-solisti.com\/wp-content\/uploads\/2020\/01\/Predsjedanje-Vijecem-EU-obiljezili-smo-koncertom-u-Berlinu-768x614.jpg"},"portfolio-square":{"file":"Predsjedanje-Vijecem-EU-obiljezili-smo-koncertom-u-Berlinu-570x570.jpg","width":570,"height":570,"filesize":73276,"mime_type":"image\/jpeg","source_url":"https:\/\/zagrebacki-solisti.com\/wp-content\/uploads\/2020\/01\/Predsjedanje-Vijecem-EU-obiljezili-smo-koncertom-u-Berlinu-570x570.jpg"},"portfolio-portrait":{"file":"Predsjedanje-Vijecem-EU-obiljezili-smo-koncertom-u-Berlinu-600x800.jpg","width":600,"height":800,"filesize":90565,"mime_type":"image\/jpeg","source_url":"https:\/\/zagrebacki-solisti.com\/wp-content\/uploads\/2020\/01\/Predsjedanje-Vijecem-EU-obiljezili-smo-koncertom-u-Berlinu-600x800.jpg"},"portfolio-landscape":{"file":"Predsjedanje-Vijecem-EU-obiljezili-smo-koncertom-u-Berlinu-800x600.jpg","width":800,"height":600,"filesize":101869,"mime_type":"image\/jpeg","source_url":"https:\/\/zagrebacki-solisti.com\/wp-content\/uploads\/2020\/01\/Predsjedanje-Vijecem-EU-obiljezili-smo-koncertom-u-Berlinu-800x600.jpg"},"menu-featured-post":{"file":"Predsjedanje-Vijecem-EU-obiljezili-smo-koncertom-u-Berlinu-345x198.jpg","width":345,"height":198,"filesize":22197,"mime_type":"image\/jpeg","source_url":"https:\/\/zagrebacki-solisti.com\/wp-content\/uploads\/2020\/01\/Predsjedanje-Vijecem-EU-obiljezili-smo-koncertom-u-Berlinu-345x198.jpg"},"qode-carousel_slider":{"file":"Predsjedanje-Vijecem-EU-obiljezili-smo-koncertom-u-Berlinu-400x260.jpg","width":400,"height":260,"filesize":30560,"mime_type":"image\/jpeg","source_url":"https:\/\/zagrebacki-solisti.com\/wp-content\/uploads\/2020\/01\/Predsjedanje-Vijecem-EU-obiljezili-smo-koncertom-u-Berlinu-400x260.jpg"},"portfolio_slider":{"file":"Predsjedanje-Vijecem-EU-obiljezili-smo-koncertom-u-Berlinu-500x380.jpg","width":500,"height":380,"filesize":50002,"mime_type":"image\/jpeg","source_url":"https:\/\/zagrebacki-solisti.com\/wp-content\/uploads\/2020\/01\/Predsjedanje-Vijecem-EU-obiljezili-smo-koncertom-u-Berlinu-500x380.jpg"},"portfolio_masonry_regular":{"file":"Predsjedanje-Vijecem-EU-obiljezili-smo-koncertom-u-Berlinu-500x500.jpg","width":500,"height":500,"filesize":59737,"mime_type":"image\/jpeg","source_url":"https:\/\/zagrebacki-solisti.com\/wp-content\/uploads\/2020\/01\/Predsjedanje-Vijecem-EU-obiljezili-smo-koncertom-u-Berlinu-500x500.jpg"},"portfolio_masonry_wide":{"file":"Predsjedanje-Vijecem-EU-obiljezili-smo-koncertom-u-Berlinu-1000x500.jpg","width":1000,"height":500,"filesize":105408,"mime_type":"image\/jpeg","source_url":"https:\/\/zagrebacki-solisti.com\/wp-content\/uploads\/2020\/01\/Predsjedanje-Vijecem-EU-obiljezili-smo-koncertom-u-Berlinu-1000x500.jpg"},"portfolio_masonry_tall":{"file":"Predsjedanje-Vijecem-EU-obiljezili-smo-koncertom-u-Berlinu-500x874.jpg","width":500,"height":874,"filesize":69559,"mime_type":"image\/jpeg","source_url":"https:\/\/zagrebacki-solisti.com\/wp-content\/uploads\/2020\/01\/Predsjedanje-Vijecem-EU-obiljezili-smo-koncertom-u-Berlinu-500x874.jpg"},"portfolio_masonry_large":{"file":"Predsjedanje-Vijecem-EU-obiljezili-smo-koncertom-u-Berlinu-1000x874.jpg","width":1000,"height":874,"filesize":159505,"mime_type":"image\/jpeg","source_url":"https:\/\/zagrebacki-solisti.com\/wp-content\/uploads\/2020\/01\/Predsjedanje-Vijecem-EU-obiljezili-smo-koncertom-u-Berlinu-1000x874.jpg"},"portfolio_masonry_with_space":{"file":"Predsjedanje-Vijecem-EU-obiljezili-smo-koncertom-u-Berlinu-700x560.jpg","width":700,"height":560,"filesize":87714,"mime_type":"image\/jpeg","source_url":"https:\/\/zagrebacki-solisti.com\/wp-content\/uploads\/2020\/01\/Predsjedanje-Vijecem-EU-obiljezili-smo-koncertom-u-Berlinu-700x560.jpg"},"latest_post_boxes":{"file":"Predsjedanje-Vijecem-EU-obiljezili-smo-koncertom-u-Berlinu-539x303.jpg","width":539,"height":303,"filesize":44459,"mime_type":"image\/jpeg","source_url":"https:\/\/zagrebacki-solisti.com\/wp-content\/uploads\/2020\/01\/Predsjedanje-Vijecem-EU-obiljezili-smo-koncertom-u-Berlinu-539x303.jpg"},"qi_addons_for_elementor_image_size_square":{"file":"Predsjedanje-Vijecem-EU-obiljezili-smo-koncertom-u-Berlinu-650x650.jpg","width":650,"height":650,"filesize":89484,"mime_type":"image\/jpeg","source_url":"https:\/\/zagrebacki-solisti.com\/wp-content\/uploads\/2020\/01\/Predsjedanje-Vijecem-EU-obiljezili-smo-koncertom-u-Berlinu-650x650.jpg"},"qi_addons_for_elementor_image_size_landscape":{"file":"Predsjedanje-Vijecem-EU-obiljezili-smo-koncertom-u-Berlinu-1093x650.jpg","width":1093,"height":650,"filesize":119905,"mime_type":"image\/jpeg","source_url":"https:\/\/zagrebacki-solisti.com\/wp-content\/uploads\/2020\/01\/Predsjedanje-Vijecem-EU-obiljezili-smo-koncertom-u-Berlinu-1093x650.jpg"},"qi_addons_for_elementor_image_size_portrait":{"file":"Predsjedanje-Vijecem-EU-obiljezili-smo-koncertom-u-Berlinu-650x874.jpg","width":650,"height":874,"filesize":106749,"mime_type":"image\/jpeg","source_url":"https:\/\/zagrebacki-solisti.com\/wp-content\/uploads\/2020\/01\/Predsjedanje-Vijecem-EU-obiljezili-smo-koncertom-u-Berlinu-650x874.jpg"},"qi_blocks_image_size_square":{"file":"Predsjedanje-Vijecem-EU-obiljezili-smo-koncertom-u-Berlinu-650x650.jpg","width":650,"height":650,"filesize":89484,"mime_type":"image\/jpeg","source_url":"https:\/\/zagrebacki-solisti.com\/wp-content\/uploads\/2020\/01\/Predsjedanje-Vijecem-EU-obiljezili-smo-koncertom-u-Berlinu-650x650.jpg"},"qi_blocks_image_size_landscape":{"file":"Predsjedanje-Vijecem-EU-obiljezili-smo-koncertom-u-Berlinu-1093x650.jpg","width":1093,"height":650,"filesize":119905,"mime_type":"image\/jpeg","source_url":"https:\/\/zagrebacki-solisti.com\/wp-content\/uploads\/2020\/01\/Predsjedanje-Vijecem-EU-obiljezili-smo-koncertom-u-Berlinu-1093x650.jpg"},"qi_blocks_image_size_portrait":{"file":"Predsjedanje-Vijecem-EU-obiljezili-smo-koncertom-u-Berlinu-650x874.jpg","width":650,"height":874,"filesize":106749,"mime_type":"image\/jpeg","source_url":"https:\/\/zagrebacki-solisti.com\/wp-content\/uploads\/2020\/01\/Predsjedanje-Vijecem-EU-obiljezili-smo-koncertom-u-Berlinu-650x874.jpg"},"full":{"file":"Predsjedanje-Vijecem-EU-obiljezili-smo-koncertom-u-Berlinu.jpg","width":1093,"height":874,"mime_type":"image\/jpeg","source_url":"https:\/\/zagrebacki-solisti.com\/wp-content\/uploads\/2020\/01\/Predsjedanje-Vijecem-EU-obiljezili-smo-koncertom-u-Berlinu.jpg"}},"image_meta":{"aperture":"0","credit":"","camera":"","caption":"","created_timestamp":"0","copyright":"","focal_length":"0","iso":"0","shutter_speed":"0","title":"","orientation":"0","keywords":[]}},"post":6049,"source_url":"https:\/\/zagrebacki-solisti.com\/wp-content\/uploads\/2020\/01\/Predsjedanje-Vijecem-EU-obiljezili-smo-koncertom-u-Berlinu.jpg","_links":{"self":[{"href":"https:\/\/zagrebacki-solisti.com\/en\/wp-json\/wp\/v2\/media\/6053","targetHints":{"allow":["GET"]}}],"collection":[{"href":"https:\/\/zagrebacki-solisti.com\/en\/wp-json\/wp\/v2\/media"}],"about":[{"href":"https:\/\/zagrebacki-solisti.com\/en\/wp-json\/wp\/v2\/types\/attachment"}],"author":[{"embeddable":true,"href":"https:\/\/zagrebacki-solisti.com\/en\/wp-json\/wp\/v2\/users\/4"}],"replies":[{"embeddable":true,"href":"https:\/\/zagrebacki-solisti.com\/en\/wp-json\/wp\/v2\/comments?post=6053"}]}}